{"id":114368,"date":"2023-04-27T10:32:28","date_gmt":"2023-04-27T10:32:28","guid":{"rendered":"https:\/\/www.mundiplus.com\/caminos\/unkategorisiert\/strasse-von-tui-nach-santiago\/"},"modified":"2025-03-24T14:31:42","modified_gmt":"2025-03-24T14:31:42","slug":"strasse-von-tui-nach-santiago","status":"publish","type":"product","link":"https:\/\/www.mundiplus.com\/de\/caminos\/strasse-von-tui-nach-santiago\/","title":{"rendered":"Stra\u00dfe von Tui nach Santiago"},"content":{"rendered":"<p>Der <strong>Camino de Santiago von Tui nach Santiago<\/strong> hat genau diese Stadt als Tor nach Spanien von Portugal. In Galicien verl\u00e4uft dieser Abschnitt des <a href=\"https:\/\/www.mundiplus.com\/caminos\/a-pie\/camino-portugues\" target=\"_blank\" rel=\"noopener noreferrer\">Camino Portugu\u00e9s<\/a> parallel zu den R\u00edas Bajas von Vigo und Pontevedra.<\/p>\n<p>Es handelt sich um eine Strecke, die wir in sieben Tagen zur\u00fccklegen werden, wobei wir durch \u00fcppige Landschaften mit zahlreichen Fl\u00fcssen und bewaldeten Gebieten wandern. Orte mit so viel Bedeutung und architektonischer Sch\u00f6nheit wie Redondela, Pontesampaio, Pontevedra, Caldas de Rei und Padr\u00f3n, wo laut der Legende das Boot anlegte, das die Gebeine des Apostels aus Pal\u00e4stina brachte.<\/p>\n","protected":false},"excerpt":{"rendered":"<p>Der Camino de Santiago von Tui nach Santiago hat genau diese Stadt als Tor nach Spanien von Portugal. In Galicien verl\u00e4uft dieser Abschnitt des Camino Portugu\u00e9s parallel zu den R\u00edas Bajas von Vigo und Pontevedra. Es handelt sich um eine Strecke, die wir in sieben Tagen zur\u00fccklegen werden, wobei wir durch \u00fcppige Landschaften mit zahlreichen [&hellip;]<\/p>\n","protected":false},"featured_media":52022,"comment_status":"open","ping_status":"closed","template":"","meta":[],"product_brand":[],"product_cat":[463,462],"product_tag":[],"class_list":{"0":"post-114368","1":"product","2":"type-product","3":"status-publish","4":"has-post-thumbnail","6":"product_cat-portugiesischer-weg","7":"product_cat-a-pie","9":"first","10":"instock","11":"shipping-taxable","12":"purchasable","13":"product-type-simple"},"_links":{"self":[{"href":"https:\/\/www.mundiplus.com\/de\/wp-json\/wp\/v2\/product\/114368","targetHints":{"allow":["GET"]}}],"collection":[{"href":"https:\/\/www.mundiplus.com\/de\/wp-json\/wp\/v2\/product"}],"about":[{"href":"https:\/\/www.mundiplus.com\/de\/wp-json\/wp\/v2\/types\/product"}],"replies":[{"embeddable":true,"href":"https:\/\/www.mundiplus.com\/de\/wp-json\/wp\/v2\/comments?post=114368"}],"version-history":[{"count":0,"href":"https:\/\/www.mundiplus.com\/de\/wp-json\/wp\/v2\/product\/114368\/revisions"}],"wp:featuredmedia":[{"embeddable":true,"href":"https:\/\/www.mundiplus.com\/de\/wp-json\/wp\/v2\/media\/52022"}],"wp:attachment":[{"href":"https:\/\/www.mundiplus.com\/de\/wp-json\/wp\/v2\/media?parent=114368"}],"wp:term":[{"taxonomy":"product_brand","embeddable":true,"href":"https:\/\/www.mundiplus.com\/de\/wp-json\/wp\/v2\/product_brand?post=114368"},{"taxonomy":"product_cat","embeddable":true,"href":"https:\/\/www.mundiplus.com\/de\/wp-json\/wp\/v2\/product_cat?post=114368"},{"taxonomy":"product_tag","embeddable":true,"href":"https:\/\/www.mundiplus.com\/de\/wp-json\/wp\/v2\/product_tag?post=114368"}],"curies":[{"name":"wp","href":"https:\/\/api.w.org\/{rel}","templated":true}]}}