{"id":107248,"date":"2023-05-17T18:41:18","date_gmt":"2023-05-17T18:41:18","guid":{"rendered":"https:\/\/www.mundiplus.com\/caminos\/non%20class\u00e9\/camino-en-velo-dirun-a-saint-jacques-de-compostelle\/"},"modified":"2024-11-05T15:27:03","modified_gmt":"2024-11-05T15:27:03","slug":"camino-en-velo-dirun-a-saint-jacques-de-compostelle","status":"publish","type":"product","link":"https:\/\/www.mundiplus.com\/fr\/caminos\/en-bicicleta\/camino-del-norte-en-bici-desde-irun\/","title":{"rendered":"Camino en v\u00e9lo d&rsquo;Ir\u00fan \u00e0 Saint-Jacques-de-Compostelle"},"content":{"rendered":"<p>Le <strong>Camino del Norte en v\u00e9lo depuis Ir\u00fan<\/strong> est l&rsquo;une des routes les plus anciennes parcourues par les p\u00e8lerins et qui sont encore emprunt\u00e9es aujourd&rsquo;hui. \u00c0 ses d\u00e9buts, apr\u00e8s la d\u00e9couverte des restes de l&rsquo;Ap\u00f4tre Saint-Jacques, vers l&rsquo;an 830, \u00e0 Saint-Jacques-de-Compostelle, un grand flux de p\u00e8lerins provenant de toute l&rsquo;Europe s&rsquo;est produit. Beaucoup d&rsquo;entre eux se rendaient en bateau jusqu&rsquo;aux ports de la mer Cantabrique pour continuer, depuis l\u00e0, leur p\u00e8lerinage \u00e0 pied.<\/p>\n<p>La route se d\u00e9roule tout au long de la corniche cantabrique, tr\u00e8s proche d&rsquo;elle et m\u00eame, par endroits, au bord de la mer. Dans la localit\u00e9 galicienne de Ribadeo, elle se dirige vers l&rsquo;int\u00e9rieur pour rejoindre, dans la localit\u00e9 d&rsquo;Arz\u00faa, le <a href=\"https:\/\/www.mundiplus.com\/fr\/caminos\/a-pie\/camino-frances\" target=\"_blank\" rel=\"noopener\">Camino Franc\u00e9s<\/a> en un unique chemin vers Saint-Jacques-de-Compostelle.<\/p>\n<p>Elle d\u00e9bute, en Espagne, dans la ville d&rsquo;Ir\u00fan et parcourt, sur environ 817 km, les Communaut\u00e9s du Pays Basque, de la Cantabrie, des Asturies et de la Galice.<\/p>\n<p>Un itin\u00e9raire de grande beaut\u00e9 paysag\u00e8re, culturelle, architecturale, gastronomique et historique, o\u00f9 la brise du Nord nous accompagnera tout au long de notre chemin.<\/p>\n<p>Tout au long de ce long parcours, le p\u00e8lerin traversera des zones de moyenne montagne, avec des mont\u00e9es et descentes constantes, comme dans le tron\u00e7on basque, avec des vall\u00e9es fertiles et verdoyantes comme dans les tron\u00e7ons asturiens et cantabriques, et rencontrera de nombreux ports de p\u00eache au fort caract\u00e8re marin.<\/p>\n<p>Les principales localit\u00e9s que nous rencontrerons sur cet itin\u00e9raire jacob\u00e9en sont, pour en citer quelques-unes : Saint-S\u00e9bastien \u2013 Bilbao \u2013 Santander \u2013 Gij\u00f3n.<\/p>\n","protected":false},"excerpt":{"rendered":"<p>Le Camino del Norte en v\u00e9lo depuis Ir\u00fan est l&rsquo;une des routes les plus anciennes parcourues par les p\u00e8lerins et qui sont encore emprunt\u00e9es aujourd&rsquo;hui. \u00c0 ses d\u00e9buts, apr\u00e8s la d\u00e9couverte des restes de l&rsquo;Ap\u00f4tre Saint-Jacques, vers l&rsquo;an 830, \u00e0 Saint-Jacques-de-Compostelle, un grand flux de p\u00e8lerins provenant de toute l&rsquo;Europe s&rsquo;est produit. Beaucoup d&rsquo;entre eux [&hellip;]<\/p>\n","protected":false},"featured_media":56343,"comment_status":"open","ping_status":"closed","template":"","meta":[],"product_brand":[],"product_cat":[480],"product_tag":[],"class_list":{"0":"post-107248","1":"product","2":"type-product","3":"status-publish","4":"has-post-thumbnail","6":"product_cat-pistes-cyclables","8":"first","9":"instock","10":"shipping-taxable","11":"purchasable","12":"product-type-simple"},"_links":{"self":[{"href":"https:\/\/www.mundiplus.com\/fr\/wp-json\/wp\/v2\/product\/107248","targetHints":{"allow":["GET"]}}],"collection":[{"href":"https:\/\/www.mundiplus.com\/fr\/wp-json\/wp\/v2\/product"}],"about":[{"href":"https:\/\/www.mundiplus.com\/fr\/wp-json\/wp\/v2\/types\/product"}],"replies":[{"embeddable":true,"href":"https:\/\/www.mundiplus.com\/fr\/wp-json\/wp\/v2\/comments?post=107248"}],"version-history":[{"count":0,"href":"https:\/\/www.mundiplus.com\/fr\/wp-json\/wp\/v2\/product\/107248\/revisions"}],"wp:featuredmedia":[{"embeddable":true,"href":"https:\/\/www.mundiplus.com\/fr\/wp-json\/wp\/v2\/media\/56343"}],"wp:attachment":[{"href":"https:\/\/www.mundiplus.com\/fr\/wp-json\/wp\/v2\/media?parent=107248"}],"wp:term":[{"taxonomy":"product_brand","embeddable":true,"href":"https:\/\/www.mundiplus.com\/fr\/wp-json\/wp\/v2\/product_brand?post=107248"},{"taxonomy":"product_cat","embeddable":true,"href":"https:\/\/www.mundiplus.com\/fr\/wp-json\/wp\/v2\/product_cat?post=107248"},{"taxonomy":"product_tag","embeddable":true,"href":"https:\/\/www.mundiplus.com\/fr\/wp-json\/wp\/v2\/product_tag?post=107248"}],"curies":[{"name":"wp","href":"https:\/\/api.w.org\/{rel}","templated":true}]}}